{"id":3,"date":"2025-03-18T12:52:16","date_gmt":"2025-03-18T12:52:16","guid":{"rendered":"https:\/\/implantix.hu\/?page_id=3"},"modified":"2026-03-18T15:07:28","modified_gmt":"2026-03-18T14:07:28","slug":"adatkezelesi-tajekoztato","status":"publish","type":"page","link":"https:\/\/implantix.hu\/en\/adatkezelesi-tajekoztato\/","title":{"rendered":"Privacy notice"},"content":{"rendered":"<style>.elementor-3 .elementor-element.elementor-element-17f569c4{--display:flex;--margin-top:0px;--margin-bottom:0px;--margin-left:0px;--margin-right:0px;--padding-top:55px;--padding-bottom:100px;--padding-left:20px;--padding-right:20px;}.elementor-3 .elementor-element.elementor-element-17f569c4:not(.elementor-motion-effects-element-type-background), .elementor-3 .elementor-element.elementor-element-17f569c4 > .elementor-motion-effects-container > .elementor-motion-effects-layer{background-color:#FFFFFF;}.elementor-3 .elementor-element.elementor-element-a76a95a{text-align:center;margin:0px 0px calc(var(--kit-widget-spacing, 0px) + 15px) 0px;}.elementor-3 .elementor-element.elementor-element-a76a95a .elementor-heading-title{font-family:var( --e-global-typography-primary-font-family ), Sans-serif;font-size:var( --e-global-typography-primary-font-size );font-weight:var( --e-global-typography-primary-font-weight );line-height:var( --e-global-typography-primary-line-height );color:var( --e-global-color-text );}.elementor-3 .elementor-element.elementor-element-886ad0a{font-family:var( --e-global-typography-text-font-family ), Sans-serif;font-size:var( --e-global-typography-text-font-size );font-weight:var( --e-global-typography-text-font-weight );line-height:var( --e-global-typography-text-line-height );color:var( --e-global-color-text );}.elementor-3 .elementor-element.elementor-element-886ad0a a{color:var( --e-global-color-accent );}.elementor-3 .elementor-element.elementor-element-2d363dc .elementor-heading-title{font-family:var( --e-global-typography-secondary-font-family ), Sans-serif;font-size:var( --e-global-typography-secondary-font-size );font-weight:var( --e-global-typography-secondary-font-weight );line-height:var( --e-global-typography-secondary-line-height );color:var( --e-global-color-text );}.elementor-3 .elementor-element.elementor-element-75ae1a4{font-family:var( --e-global-typography-text-font-family ), Sans-serif;font-size:var( --e-global-typography-text-font-size );font-weight:var( --e-global-typography-text-font-weight );line-height:var( --e-global-typography-text-line-height );color:var( --e-global-color-text );}.elementor-3 .elementor-element.elementor-element-75ae1a4 a{color:var( --e-global-color-accent );}.elementor-3 .elementor-element.elementor-element-25267ad .elementor-heading-title{font-family:var( --e-global-typography-secondary-font-family ), Sans-serif;font-size:var( --e-global-typography-secondary-font-size );font-weight:var( --e-global-typography-secondary-font-weight );line-height:var( --e-global-typography-secondary-line-height );color:var( --e-global-color-text );}.elementor-3 .elementor-element.elementor-element-c9cf65d{font-family:var( --e-global-typography-text-font-family ), Sans-serif;font-size:var( --e-global-typography-text-font-size );font-weight:var( --e-global-typography-text-font-weight );line-height:var( --e-global-typography-text-line-height );color:var( --e-global-color-text );}.elementor-3 .elementor-element.elementor-element-c9cf65d a{color:var( --e-global-color-accent );}.elementor-3 .elementor-element.elementor-element-1d4b712 .elementor-heading-title{font-family:var( --e-global-typography-secondary-font-family ), Sans-serif;font-size:var( --e-global-typography-secondary-font-size );font-weight:var( --e-global-typography-secondary-font-weight );line-height:var( --e-global-typography-secondary-line-height );color:var( --e-global-color-text );}.elementor-3 .elementor-element.elementor-element-a738309{font-family:var( --e-global-typography-text-font-family ), Sans-serif;font-size:var( --e-global-typography-text-font-size );font-weight:var( --e-global-typography-text-font-weight );line-height:var( --e-global-typography-text-line-height );color:var( --e-global-color-text );}.elementor-3 .elementor-element.elementor-element-a738309 a{color:var( --e-global-color-accent );}.elementor-3 .elementor-element.elementor-element-234c571 .elementor-heading-title{font-family:var( --e-global-typography-secondary-font-family ), Sans-serif;font-size:var( --e-global-typography-secondary-font-size );font-weight:var( --e-global-typography-secondary-font-weight );line-height:var( --e-global-typography-secondary-line-height );color:var( --e-global-color-text );}.elementor-3 .elementor-element.elementor-element-20eaace{font-family:var( --e-global-typography-text-font-family ), Sans-serif;font-size:var( --e-global-typography-text-font-size );font-weight:var( --e-global-typography-text-font-weight );line-height:var( --e-global-typography-text-line-height );color:var( --e-global-color-text );margin:0px 0px calc(var(--kit-widget-spacing, 0px) + 15px) 0px;}.elementor-3 .elementor-element.elementor-element-20eaace a{color:var( --e-global-color-accent );}.elementor-3 .elementor-element.elementor-element-6ebdb38 .elementor-heading-title{font-family:var( --e-global-typography-secondary-font-family ), Sans-serif;font-size:var( --e-global-typography-secondary-font-size );font-weight:var( --e-global-typography-secondary-font-weight );line-height:var( --e-global-typography-secondary-line-height );color:var( --e-global-color-text );}.elementor-3 .elementor-element.elementor-element-fac531b{font-family:var( --e-global-typography-text-font-family ), Sans-serif;font-size:var( --e-global-typography-text-font-size );font-weight:var( --e-global-typography-text-font-weight );line-height:var( --e-global-typography-text-line-height );color:var( --e-global-color-text );}.elementor-3 .elementor-element.elementor-element-fac531b a{color:var( --e-global-color-accent );}.elementor-3 .elementor-element.elementor-element-ce01eef .elementor-heading-title{font-family:var( --e-global-typography-secondary-font-family ), Sans-serif;font-size:var( --e-global-typography-secondary-font-size );font-weight:var( --e-global-typography-secondary-font-weight );line-height:var( --e-global-typography-secondary-line-height );color:var( --e-global-color-text );}.elementor-3 .elementor-element.elementor-element-f5ff557{font-family:var( --e-global-typography-text-font-family ), Sans-serif;font-size:var( --e-global-typography-text-font-size );font-weight:var( --e-global-typography-text-font-weight );line-height:var( --e-global-typography-text-line-height );color:var( --e-global-color-text );}.elementor-3 .elementor-element.elementor-element-f5ff557 a{color:var( --e-global-color-accent );}.elementor-3 .elementor-element.elementor-element-ad51146 .elementor-heading-title{font-family:var( --e-global-typography-secondary-font-family ), Sans-serif;font-size:var( --e-global-typography-secondary-font-size );font-weight:var( --e-global-typography-secondary-font-weight );line-height:var( --e-global-typography-secondary-line-height );color:var( --e-global-color-text );}.elementor-3 .elementor-element.elementor-element-0f6bb0c{font-family:var( --e-global-typography-text-font-family ), Sans-serif;font-size:var( --e-global-typography-text-font-size );font-weight:var( --e-global-typography-text-font-weight );line-height:var( --e-global-typography-text-line-height );color:var( --e-global-color-text );}.elementor-3 .elementor-element.elementor-element-0f6bb0c a{color:var( --e-global-color-accent );}body.elementor-page-3:not(.elementor-motion-effects-element-type-background), body.elementor-page-3 > .elementor-motion-effects-container > .elementor-motion-effects-layer{background-color:var( --e-global-color-208f9df );}@media(max-width:1024px){.elementor-3 .elementor-element.elementor-element-a76a95a .elementor-heading-title{font-size:var( --e-global-typography-primary-font-size );line-height:var( --e-global-typography-primary-line-height );}.elementor-3 .elementor-element.elementor-element-886ad0a{font-size:var( --e-global-typography-text-font-size );line-height:var( --e-global-typography-text-line-height );}.elementor-3 .elementor-element.elementor-element-2d363dc .elementor-heading-title{font-size:var( --e-global-typography-secondary-font-size );line-height:var( --e-global-typography-secondary-line-height );}.elementor-3 .elementor-element.elementor-element-75ae1a4{font-size:var( --e-global-typography-text-font-size );line-height:var( --e-global-typography-text-line-height );}.elementor-3 .elementor-element.elementor-element-25267ad .elementor-heading-title{font-size:var( --e-global-typography-secondary-font-size );line-height:var( --e-global-typography-secondary-line-height );}.elementor-3 .elementor-element.elementor-element-c9cf65d{font-size:var( --e-global-typography-text-font-size );line-height:var( --e-global-typography-text-line-height );}.elementor-3 .elementor-element.elementor-element-1d4b712 .elementor-heading-title{font-size:var( --e-global-typography-secondary-font-size );line-height:var( --e-global-typography-secondary-line-height );}.elementor-3 .elementor-element.elementor-element-a738309{font-size:var( --e-global-typography-text-font-size );line-height:var( --e-global-typography-text-line-height );}.elementor-3 .elementor-element.elementor-element-234c571 .elementor-heading-title{font-size:var( --e-global-typography-secondary-font-size );line-height:var( --e-global-typography-secondary-line-height );}.elementor-3 .elementor-element.elementor-element-20eaace{font-size:var( --e-global-typography-text-font-size );line-height:var( --e-global-typography-text-line-height );}.elementor-3 .elementor-element.elementor-element-6ebdb38 .elementor-heading-title{font-size:var( --e-global-typography-secondary-font-size );line-height:var( --e-global-typography-secondary-line-height );}.elementor-3 .elementor-element.elementor-element-fac531b{font-size:var( --e-global-typography-text-font-size );line-height:var( --e-global-typography-text-line-height );}.elementor-3 .elementor-element.elementor-element-ce01eef .elementor-heading-title{font-size:var( --e-global-typography-secondary-font-size );line-height:var( --e-global-typography-secondary-line-height );}.elementor-3 .elementor-element.elementor-element-f5ff557{font-size:var( --e-global-typography-text-font-size );line-height:var( --e-global-typography-text-line-height );}.elementor-3 .elementor-element.elementor-element-ad51146 .elementor-heading-title{font-size:var( --e-global-typography-secondary-font-size );line-height:var( --e-global-typography-secondary-line-height );}.elementor-3 .elementor-element.elementor-element-0f6bb0c{font-size:var( --e-global-typography-text-font-size );line-height:var( --e-global-typography-text-line-height );}}@media(min-width:767px){.elementor-3 .elementor-element.elementor-element-17f569c4{--content-width:1100px;}}@media(max-width:766px){.elementor-3 .elementor-element.elementor-element-17f569c4{--padding-top:50px;--padding-bottom:90px;--padding-left:15px;--padding-right:15px;}.elementor-3 .elementor-element.elementor-element-a76a95a .elementor-heading-title{font-size:var( --e-global-typography-primary-font-size );line-height:var( --e-global-typography-primary-line-height );}.elementor-3 .elementor-element.elementor-element-886ad0a{font-size:var( --e-global-typography-text-font-size );line-height:var( --e-global-typography-text-line-height );}.elementor-3 .elementor-element.elementor-element-2d363dc .elementor-heading-title{font-size:var( --e-global-typography-secondary-font-size );line-height:var( --e-global-typography-secondary-line-height );}.elementor-3 .elementor-element.elementor-element-75ae1a4{font-size:var( --e-global-typography-text-font-size );line-height:var( --e-global-typography-text-line-height );}.elementor-3 .elementor-element.elementor-element-25267ad .elementor-heading-title{font-size:var( --e-global-typography-secondary-font-size );line-height:var( --e-global-typography-secondary-line-height );}.elementor-3 .elementor-element.elementor-element-c9cf65d{font-size:var( --e-global-typography-text-font-size );line-height:var( --e-global-typography-text-line-height );}.elementor-3 .elementor-element.elementor-element-1d4b712 .elementor-heading-title{font-size:var( --e-global-typography-secondary-font-size );line-height:var( --e-global-typography-secondary-line-height );}.elementor-3 .elementor-element.elementor-element-a738309{font-size:var( --e-global-typography-text-font-size );line-height:var( --e-global-typography-text-line-height );}.elementor-3 .elementor-element.elementor-element-234c571 .elementor-heading-title{font-size:var( --e-global-typography-secondary-font-size );line-height:var( --e-global-typography-secondary-line-height );}.elementor-3 .elementor-element.elementor-element-20eaace{font-size:var( --e-global-typography-text-font-size );line-height:var( --e-global-typography-text-line-height );}.elementor-3 .elementor-element.elementor-element-6ebdb38 .elementor-heading-title{font-size:var( --e-global-typography-secondary-font-size );line-height:var( --e-global-typography-secondary-line-height );}.elementor-3 .elementor-element.elementor-element-fac531b{font-size:var( --e-global-typography-text-font-size );line-height:var( --e-global-typography-text-line-height );}.elementor-3 .elementor-element.elementor-element-ce01eef .elementor-heading-title{font-size:var( --e-global-typography-secondary-font-size );line-height:var( --e-global-typography-secondary-line-height );}.elementor-3 .elementor-element.elementor-element-f5ff557{font-size:var( --e-global-typography-text-font-size );line-height:var( --e-global-typography-text-line-height );}.elementor-3 .elementor-element.elementor-element-ad51146 .elementor-heading-title{font-size:var( --e-global-typography-secondary-font-size );line-height:var( --e-global-typography-secondary-line-height );}.elementor-3 .elementor-element.elementor-element-0f6bb0c{font-size:var( --e-global-typography-text-font-size );line-height:var( --e-global-typography-text-line-height );}}<\/style>\t\t<div data-elementor-type=\"wp-page\" data-elementor-id=\"3\" class=\"elementor elementor-3\" data-elementor-post-type=\"page\">\n\t\t\t\t<div class=\"elementor-element elementor-element-17f569c4 e-flex e-con-boxed e-con e-parent\" data-id=\"17f569c4\" data-element_type=\"container\" data-e-type=\"container\" data-settings=\"{&quot;background_background&quot;:&quot;classic&quot;}\">\n\t\t\t\t\t<div class=\"e-con-inner\">\n\t\t\t\t<div class=\"elementor-element elementor-element-a76a95a elementor-widget elementor-widget-heading\" data-id=\"a76a95a\" data-element_type=\"widget\" data-e-type=\"widget\" data-widget_type=\"heading.default\">\n\t\t\t\t\t<h2 class=\"elementor-heading-title elementor-size-default\">Adatkezel\u00e9si T\u00e1j\u00e9koztat\u00f3<\/h2>\t\t\t\t<\/div>\n\t\t\t\t<div class=\"elementor-element elementor-element-886ad0a elementor-widget elementor-widget-text-editor\" data-id=\"886ad0a\" data-element_type=\"widget\" data-e-type=\"widget\" data-widget_type=\"text-editor.default\">\n\t\t\t\t\t\t\t\t\t<p>Jelen T\u00e1j\u00e9koztat\u00f3 c\u00e9lja, hogy r\u00f6gz\u00edtse az Medcon Kft. (sz\u00e9khely:\u00a0<strong>1031 Bp, Silvanus s\u00e9t\u00e1ny 21. II\/4.\u00a0<\/strong>; c\u00e9gjegyz\u00e9ksz\u00e1m:\u00a0<strong>\u00a001 09 675749,\u00a0<\/strong>nyilv\u00e1ntartja a F\u0151v\u00e1rosi T\u00f6rv\u00e9nysz\u00e9k C\u00e9gb\u00edr\u00f3s\u00e1ga; ad\u00f3sz\u00e1m:\u00a0<strong>10704145141<\/strong>; tov\u00e1bbiakban:\u00a0<strong>Szolg\u00e1ltat\u00f3<\/strong>),\u00a0<strong>Implantix \u2013 Implants, Esthetics &amp; More<\/strong>\u00a0brand alatt alkalmazott \u00e9s a Szolg\u00e1ltat\u00f3 \u00e1ltal ny\u00fajtott Szolg\u00e1ltat\u00e1sok adatv\u00e9delmi \u00e9s adatkezel\u00e9si elveit, politik\u00e1it.<\/p>\n<p>A jelen T\u00e1j\u00e9koztatat\u00f3 a Szolg\u00e1ltat\u00f3 \u00e1ltal \u00fczemeltetett a\u00a0<a href=\"https:\/\/implantix.hu\/\">implantix.hu<\/a>\u00a0(tov\u00e1bbiakban:\u00a0<strong>Weboldal<\/strong>) \u00fatj\u00e1n el\u00e9rhet\u0151, illetve let\u00f6lthet\u0151 szolg\u00e1ltat\u00e1sok, valamint k\u00f6zvetlen \u00fczletszerz\u00e9si \u00e9s\/vagy marketing c\u00e9l\u00fa megkeres\u00e9sek (tov\u00e1bbiakban:\u00a0<strong>Szolg\u00e1ltat\u00e1s<\/strong>) sor\u00e1n felmer\u00fcl\u0151 szem\u00e9lyes adatkezel\u00e9sre \u00e9s adatfeldolgoz\u00e1sokra vonatkozik. Jelen t\u00e1j\u00e9koztat\u00f3 ir\u00e1nyad\u00f3 minden olyan tov\u00e1bbi esetben, amelyre a Szolg\u00e1ltat\u00f3 a jelen t\u00e1j\u00e9koztat\u00f3 alkalmaz\u00e1s\u00e1t \u00edrja el\u0151.<\/p>\n<p>A jelen T\u00e1j\u00e9koztat\u00f3 az egyes Szolg\u00e1ltat\u00e1sokra vonatkoz\u00f3 \u00e1ltal\u00e1nos szerz\u0151d\u00e9si felt\u00e9telek (pl., a weboldal felhaszn\u00e1l\u00e1si felt\u00e9telei, t\u00e1j\u00e9koztat\u00e1sok, stb. \u2013 tov\u00e1bbiakban:\u00a0<strong>Felhaszn\u00e1l\u00e1si Felt\u00e9telek<\/strong>) elv\u00e1laszthatatlan r\u00e9sz\u00e9t k\u00e9pezi, azzal egy\u00fcttesen \u00e9rtelmezend\u0151, ugyanakkor a k\u00f6nnyebb hozz\u00e1f\u00e9r\u00e9s \u00e9rdek\u00e9ben \u00f6n\u00e1ll\u00f3 szerkezetben ker\u00fclt r\u00f6gz\u00edt\u00e9sre. A Szolg\u00e1ltat\u00f3 jogosult a Felhaszn\u00e1l\u00e1si Felt\u00e9telek m\u00f3dos\u00edt\u00e1sa r\u00e9szek\u00e9nt a jelen Adatkezel\u00e9si T\u00e1j\u00e9koztat\u00f3t az \u00e9rintettek t\u00e1j\u00e9koztat\u00e1sa mellett egyoldal\u00faan is m\u00f3dos\u00edtani. A m\u00f3dos\u00edtott rendelkez\u00e9sek a t\u00e1j\u00e9koztat\u00e1sban vagy a Felhaszn\u00e1l\u00e1si Felt\u00e9telekben meghat\u00e1rozott m\u00f3don v\u00e1lnak hat\u00e1lyoss\u00e1 az adott \u00e9rintettel szemben.<\/p>\t\t\t\t\t\t\t\t<\/div>\n\t\t\t\t<div class=\"elementor-element elementor-element-2d363dc elementor-widget elementor-widget-heading\" data-id=\"2d363dc\" data-element_type=\"widget\" data-e-type=\"widget\" data-widget_type=\"heading.default\">\n\t\t\t\t\t<h2 class=\"elementor-heading-title elementor-size-default\">I. Adatkezel\u0151 megnevez\u00e9se<\/h2>\t\t\t\t<\/div>\n\t\t\t\t<div class=\"elementor-element elementor-element-75ae1a4 elementor-widget elementor-widget-text-editor\" data-id=\"75ae1a4\" data-element_type=\"widget\" data-e-type=\"widget\" data-widget_type=\"text-editor.default\">\n\t\t\t\t\t\t\t\t\t<p>A Weboldalak l\u00e1togat\u00e1sa \u00e9s a Szolg\u00e1ltat\u00e1s ig\u00e9nybev\u00e9tele sor\u00e1n a Szolg\u00e1ltat\u00f3 kezeli a term\u00e9szetes szem\u00e9lyek, mint szem\u00e9lyes adatok jogosultjai (tov\u00e1bbiakban:\u00a0<strong>Felhaszn\u00e1l\u00f3<\/strong>) azon szem\u00e9lyes adatait, amelyek megad\u00e1sra ker\u00fclnek \u00e9s a Szolg\u00e1ltat\u00f3 felel a szem\u00e9lyes adatok\u00e9rt a vonatkoz\u00f3 adatv\u00e9delmi t\u00f6rv\u00e9nyek \u00e9rtelm\u00e9ben.<\/p>\n<table>\n<tbody>\n<tr>\n<td width=\"50%\">\n<p>n\u00e9v:<\/p>\n<\/td>\n<td width=\"50%\">\n<p>Medcon Kft.<\/p>\n<\/td>\n<\/tr>\n<tr>\n<td>\n<p>sz\u00e9khely:<\/p>\n<\/td>\n<td>\n<p><strong>1031 Bp, Silvanus s\u00e9t\u00e1ny 21. II\/4<\/strong><\/p>\n<\/td>\n<\/tr>\n<tr>\n<td>\n<p>vezet\u0151 tiszts\u00e9gvisel\u0151:<\/p>\n<\/td>\n<td>\n<p><strong>N\u00e9meth Nikoletta<\/strong><\/p>\n<\/td>\n<\/tr>\n<tr>\n<td>\n<p>ad\u00f3sz\u00e1m:<\/p>\n<\/td>\n<td>\n<p><strong>27352599-1-41<\/strong><\/p>\n<\/td>\n<\/tr>\n<tr>\n<td>\n<p>levelez\u00e9si c\u00edm:<\/p>\n<\/td>\n<td>\n<p><a href=\"mailto:info.implantix@gmail.com\">info.implantix@gmail.com<\/a><\/p>\n<\/td>\n<\/tr>\n<tr>\n<td>\n<p>adatkezel\u00e9ssel kapcsolatos ig\u00e9ny\u00e9rv\u00e9nyes\u00edt\u00e9s e-mail c\u00edm:<\/p>\n<\/td>\n<td>\n<p><a href=\"mailto:info@implantix.hu\">info@implantix.hu<\/a><\/p>\n<\/td>\n<\/tr>\n<tr>\n<td>\n<p>adatv\u00e9delmi tiszts\u00e9gvisel\u0151 el\u00e9rhet\u0151s\u00e9ge:<\/p>\n<\/td>\n<td>\n<p><a href=\"mailto:info@implantix.hu\">info@implantix.hu<\/a><\/p>\n<\/td>\n<\/tr>\n<tr>\n<td>\n<p>fel\u00fcgyeleti hat\u00f3s\u00e1g adatv\u00e9delmi szempontb\u00f3l:<\/p>\n<\/td>\n<td>\n<p>Nemzeti Adatv\u00e9delmi \u00e9s Inform\u00e1ci\u00f3szabads\u00e1g Hat\u00f3s\u00e1g 1122 Budapest, Szil\u00e1gyi Erzs\u00e9bet fasor 22\/C.<\/p>\n<\/td>\n<\/tr>\n<\/tbody>\n<\/table>\n<p>A Szolg\u00e1ltat\u00f3 az \u00e1ltala r\u00f6gz\u00edtett szem\u00e9lyes adatokat\u00a0<a href=\"http:\/\/njt.hu\/cgi_bin\/njt_doc.cgi?docid=139257.287254\">az inform\u00e1ci\u00f3s \u00f6nrendelkez\u00e9si jogr\u00f3l \u00e9s az inform\u00e1ci\u00f3szabads\u00e1gr\u00f3l sz\u00f3l\u00f3 2011. \u00e9vi CXII. t\u00f6rv\u00e9ny (Infotv.)<\/a>\u00a0rendelkez\u00e9seinek megfelel\u0151en kezeli.<\/p>\n<p>A kezelt szem\u00e9lyes adatok k\u00f6r\u00e9t r\u00e9szben a gazdas\u00e1gi rekl\u00e1mtev\u00e9kenys\u00e9g alapvet\u0151 felt\u00e9teleir\u0151l \u00e9s egyes korl\u00e1tair\u00f3l sz\u00f3l\u00f3 2008. \u00e9vi XLVIII. t\u00f6rv\u00e9ny 6.\u00a7-a, az elektronikus kereskedelmi szolg\u00e1ltat\u00e1sok, valamint az inform\u00e1ci\u00f3s t\u00e1rsadalommal \u00f6sszef\u00fcgg\u0151 szolg\u00e1ltat\u00e1sok egyes k\u00e9rd\u00e9seir\u0151l sz\u00f3l\u00f3 2001. \u00e9vi CVIII. t\u00f6rv\u00e9ny 13\/A.\u00a7-14\/C.\u00a7-ai, valamint a sz\u00e1mviteli k\u00f6telezetts\u00e9gekr\u0151l sz\u00f3l\u00f3 2000. \u00e9vi C. t\u00f6rv\u00e9ny, illetve az ad\u00f3z\u00e1s rendj\u00e9r\u0151l sz\u00f3l\u00f3 2003. \u00e9vi XCII. t\u00f6rv\u00e9ny hat\u00e1rozz\u00e1k meg.<\/p>\n<p>A Szolg\u00e1ltat\u00f3 a szem\u00e9lyes adatok kezel\u00e9se sor\u00e1n k\u00f6teles megtartani az adatkezel\u00e9sre vonatkoz\u00f3 jogszab\u00e1lyokban meghat\u00e1rozott al\u00e1bbi elveket (GDPR 5. cikk (1) bekezd\u00e9s): a.) jogszer\u0171s\u00e9g, tisztess\u00e9ges elj\u00e1r\u00e1s \u00e9s \u00e1tl\u00e1that\u00f3s\u00e1g; b.) c\u00e9lhoz k\u00f6t\u00f6tts\u00e9g; c.) adattakar\u00e9koss\u00e1g; d.) pontoss\u00e1g; e.) korl\u00e1tozott t\u00e1rolhat\u00f3s\u00e1g; f.) integrit\u00e1s \u00e9s bizalmas jelleg; g.) elsz\u00e1moltathat\u00f3s\u00e1g.<\/p>\t\t\t\t\t\t\t\t<\/div>\n\t\t\t\t<div class=\"elementor-element elementor-element-25267ad elementor-widget elementor-widget-heading\" data-id=\"25267ad\" data-element_type=\"widget\" data-e-type=\"widget\" data-widget_type=\"heading.default\">\n\t\t\t\t\t<h2 class=\"elementor-heading-title elementor-size-default\">II. Kezelt szem\u00e9lyes adatok k\u00f6re \u00e9s c\u00e9lja<\/h2>\t\t\t\t<\/div>\n\t\t\t\t<div class=\"elementor-element elementor-element-c9cf65d elementor-widget elementor-widget-text-editor\" data-id=\"c9cf65d\" data-element_type=\"widget\" data-e-type=\"widget\" data-widget_type=\"text-editor.default\">\n\t\t\t\t\t\t\t\t\t<p><strong>1. A Szolg\u00e1ltat\u00f3 a szem\u00e9lyes adatok<\/strong> vonatkoz\u00e1s\u00e1ban adatkezel\u00e9sre csak akkor jogosult, ha arra jogc\u00edmmel rendelkezik. A kezelt szem\u00e9lyes adatok k\u00f6re \u00e9s jogc\u00edme att\u00f3l f\u00fcgg\u0151en v\u00e1ltozik, hogy a Felhaszn\u00e1l\u00f3 melyik, a Weboldalon fellelhet\u0151 al\u00e1bbi fel\u00fcletekre \u00e9s programokra regisztr\u00e1l vagy vesz ig\u00e9nybe Szolg\u00e1ltat\u00e1st:<\/p><p><strong>1.1.\u00a0Medcon Kft.: fogorvosi j\u00e1r\u00f3beteg-ell\u00e1t\u00e1s<\/strong><\/p><table><tbody><tr><td width=\"39%\"><p>Kezelt adatok<\/p><\/td><td width=\"59%\"><p>Kezelt adatok c\u00e9lja<\/p><\/td><\/tr><tr><td><p>teljes n\u00e9v<\/p><\/td><td rowspan=\"2\"><p>a\u00a0<strong>kapcsolatfelv\u00e9tel<\/strong>\u00a0sor\u00e1n a Felhaszn\u00e1l\u00f3k azonos\u00edt\u00e1shoz sz\u00fcks\u00e9ges adatok<\/p><\/td><\/tr><tr><td><p>e-mail c\u00edm<\/p><\/td><\/tr><\/tbody><\/table><p><strong>2. Online l\u00e1togat\u00f3kkal kapcsolatos adatkezel\u00e9s (cookie)<\/strong><\/p><p>A Szolg\u00e1ltat\u00f3 a Weboldalak haszn\u00e1lat\u00e1val jogosult \u2013 az \u00e9rintett \u00f6nk\u00e9ntesen, el\u0151zetesen meghat\u00e1rozott \u00e9s konkr\u00e9t adatkezel\u00e9s (Felhaszn\u00e1l\u00f3 el\u0151zm\u00e9nyek r\u00f6gz\u00edt\u00e9se a felhaszn\u00e1l\u00f3i \u00e9lm\u00e9ny n\u00f6vel\u00e9se \u00e9rdek\u00e9ben) c\u00e9lj\u00e1b\u00f3l t\u00f6rt\u00e9n\u0151 adatkezel\u00e9shez val\u00f3 hozz\u00e1j\u00e1rul\u00e1s\u00e1val \u2013 kezelni a Weboldalakat l\u00e1togat\u00f3 Felhaszn\u00e1l\u00f3k egyes szem\u00e9lyes adatait.<\/p><p>A Szolg\u00e1ltat\u00f3 kezel\u00e9s\u00e9ben \u00e1ll\u00f3 Weboldalakra t\u00f6rt\u00e9n\u0151 l\u00e1togat\u00e1s t\u00e9ny\u00e9n\u00e9l fogva a Felhaszn\u00e1l\u00f3 v\u00e9gberendez\u00e9s\u00e9ben s\u00fctik seg\u00edts\u00e9g\u00e9vel adatt\u00e1rol\u00e1st, illetve adatkezel\u00e9st hajthat v\u00e9gre a Felhaszn\u00e1l\u00f3 azonos\u00edt\u00e1sa, a Felhaszn\u00e1l\u00f3 tov\u00e1bbi l\u00e1togat\u00e1sainak megk\u00f6nny\u00edt\u00e9se, a Felhaszn\u00e1l\u00f3 r\u00e9sz\u00e9re c\u00e9lzott rekl\u00e1m \u00e9s egy\u00e9b c\u00e9lzott tartalom eljuttat\u00e1sa \u00e9s piackutat\u00e1s c\u00e9lj\u00e1b\u00f3l. A s\u00fctik haszn\u00e1lat\u00e1hoz a Felhaszn\u00e1l\u00f3nak minden esetben hozz\u00e1j\u00e1rul\u00e1s\u00e1t kell adni a honlapon megjelen\u0151 \u201e<em>Ez a weboldal s\u00fctiket (cookie \u2013 kat) haszn\u00e1l<\/em>\u201d t\u00e1j\u00e9koztat\u00f3 sz\u00f6veg mellett, e hozz\u00e1j\u00e1rul\u00e1s kinyilv\u00e1n\u00edt\u00e1s\u00e1ra megadott\u00a0<em>\u201eMeg\u00e9rtettem az adatkezel\u00e9si t\u00e1j\u00e9koztat\u00f3ban foglaltakat, elfogadom a s\u00fctik haszn\u00e1lat\u00e1t<\/em>\u00a0\u201d ikon aktiv\u00e1l\u00e1s\u00e1val.<\/p><p>A Felhaszn\u00e1l\u00f3nak a s\u00fctik alkalmaz\u00e1s\u00e1ra vonatkoz\u00f3 hozz\u00e1j\u00e1rul\u00e1s\u00e1t nem k\u00f6telez\u0151 megadni ahhoz, hogy a honlapot l\u00e1togatni tudja, ugyanakkor a hozz\u00e1j\u00e1rul\u00e1s hi\u00e1ny\u00e1ban el\u0151fordulhat, hogy a honlap vagy annak egyes aloldalai nem m\u0171k\u00f6dnek megfelel\u0151en, illetve a Felhaszn\u00e1l\u00f3 egyes adatokhoz val\u00f3 hozz\u00e1f\u00e9r\u00e9s\u00e9t a honlap megtagadhatja. A \u201e<em>Meg\u00e9rtettem az adatkezel\u00e9si t\u00e1j\u00e9koztat\u00f3ban foglaltakat, elfogadom a s\u00fctik haszn\u00e1lat\u00e1t<\/em>\u00a0\u201d ikon mellett elhelyezett \u201e<em>Tov\u00e1bbi inform\u00e1ci\u00f3<\/em>\u201d ikon aktiv\u00e1l\u00e1s\u00e1val a Felhaszn\u00e1l\u00f3t a weboldal az Adatkezel\u00e9s weboldal haszn\u00e1lat\u00e1val kapcsolatos r\u00e9sze kivonat\u00e1t tartalmaz\u00f3 aloldal\u00e1ra ir\u00e1ny\u00edtja.<\/p><p>A honlap haszn\u00e1lata sor\u00e1n bizonyos felhaszn\u00e1l\u00f3i adatok automatikusan a Szolg\u00e1ltat\u00f3 kezel\u00e9s\u00e9be ker\u00fclnek. Ezek a k\u00f6vetkez\u0151 adatok: a) Felhaszn\u00e1l\u00f3 honlappal val\u00f3 ny\u00edlt h\u00e1l\u00f3zaton kereszt\u00fcli csatlakoz\u00e1st biztos\u00edt\u00f3 eszk\u00f6z\u00e9nek egyes adatai; b) Felhaszn\u00e1l\u00f3 \u00e1ltal haszn\u00e1lt IP c\u00edm.<\/p><p>Ezen adatok kezel\u00e9s\u00e9nek kiz\u00e1r\u00f3lagos c\u00e9lja, hogy a Szolg\u00e1ltat\u00f3 honlap-l\u00e1togatotts\u00e1gi adatokhoz jusson, illetve a honlappal kapcsolatban felmer\u00fcl\u0151 esetleges hib\u00e1kat, t\u00e1mad\u00e1si k\u00eds\u00e9rleteket megfelel\u0151en \u00e9szlelni \u00e9s napl\u00f3zni tudja. Az Adatkezel\u0151 folyamatosan napl\u00f3zza \u00e9s 3 napot k\u00f6vet\u0151en t\u00f6rli a k\u00f6vetkez\u0151 adatokat: l\u00e1togat\u00e1s d\u00e1tuma, IP c\u00edm, oper\u00e1ci\u00f3s rendszer verzi\u00f3j\u00e1nak adatai, b\u00f6ng\u00e9sz\u0151 t\u00edpusa \u00e9s verzi\u00f3sz\u00e1ma, az el\u00e9rt tartalom \u00e9s az el\u0151z\u0151leg l\u00e1togatott tartalom c\u00edme.<\/p><p>Az ilyen adatkezel\u00e9s jogalapja egyr\u00e9szt a Felhaszn\u00e1l\u00f3 hozz\u00e1j\u00e1rul\u00e1sa, m\u00e1sr\u00e9szt a Szolg\u00e1ltat\u00f3 jogos \u00e9rdekeinek v\u00e9delme. A Szolg\u00e1ltat\u00f3 az adatkezel\u00e9sre vonatkoz\u00f3 t\u00e1j\u00e9koztat\u00e1st jelen fejezet tartalm\u00e1nak Weboldalakon t\u00f6rt\u00e9n\u0151 k\u00f6zz\u00e9t\u00e9tel\u00e9vel teljes\u00edti, \u00e9s a Felhaszn\u00e1l\u00f3 tudom\u00e1sulv\u00e9tel\u00e9t \u00e9s hozz\u00e1j\u00e1rul\u00e1s\u00e1t e k\u00f6rben a honlapra t\u00f6rt\u00e9n\u0151 l\u00e1togat\u00e1s\u00e1val, mint r\u00e1utal\u00f3 magatart\u00e1ssal adja meg a Szolg\u00e1ltat\u00f3 r\u00e9sz\u00e9re.<\/p><p>Felhaszn\u00e1l\u00f3 kiz\u00e1r\u00f3lagos felel\u0151ss\u00e9ggel tartozik az\u00e9rt, hogy a Szolg\u00e1ltat\u00f3 \u00e1ltal \u00fczemeltetett honlapon bel\u00e9p\u00e9shez haszn\u00e1lt felhaszn\u00e1l\u00f3k nev\u00e9t \u00e9s e-mail c\u00edm\u00e9t jogosulatlan harmadik szem\u00e9ly sz\u00e1m\u00e1ra ne tegye hozz\u00e1f\u00e9rhet\u0151v\u00e9, ilyen szem\u00e9llyel azt ne k\u00f6z\u00f6lje, ne semmis\u00edtse meg, ne vesz\u00edtse el. A Szolg\u00e1ltat\u00f3 nem v\u00e1llal felel\u0151ss\u00e9get az\u00e9rt, ha a Felhaszn\u00e1l\u00f3 nev\u00e9t \u00e9s e-mail c\u00edm\u00e9t vagy a honlapon megadott egy\u00e9b adatait a jelen T\u00e1j\u00e9koztat\u00f3, valamint az adatv\u00e9delemre vonatkoz\u00f3 mindenkor hat\u00e1lyos jogszab\u00e1lyok rendelkez\u00e9seit\u0151l elt\u00e9r\u0151en kezeli, jogosulatlan harmadik szem\u00e9ly sz\u00e1m\u00e1ra hozz\u00e1f\u00e9rhet\u0151v\u00e9 teszi, ilyen szem\u00e9llyel azt k\u00f6zli, megsemmis\u00edti, elvesz\u00edti, \u00e9s ebb\u0151l k\u00f6zvetlen\u00fcl vagy k\u00f6zvetetten jogh\u00e1tr\u00e1ny kock\u00e1zata keletkezik sz\u00e1m\u00e1ra.<\/p><p>A jelen fejezet szerinti adatkezel\u00e9s id\u0151tartama: a szem\u00e9lyes adat Szolg\u00e1ltat\u00f3 \u00e1ltali r\u00f6gz\u00edt\u00e9s\u00e9t\u0151l sz\u00e1m\u00edtott 10 \u00e9v.<\/p><p><strong>3. Kapcsolatfelv\u00e9tel<\/strong><\/p><p>Amennyiben a Felhaszn\u00e1l\u00f3 a Szolg\u00e1ltat\u00f3 r\u00e9sz\u00e9re e-mailt vagy postai \u00faton levelet k\u00fcld, \u00fagy a Szolg\u00e1ltat\u00f3 r\u00f6gz\u00edti a felhaszn\u00e1l\u00f3 e-mail c\u00edm\u00e9t \u00e9s- amennyiben megadta \u2013 a c\u00edm\u00e9t \u00e9s azt a szolg\u00e1ltat\u00e1s ny\u00fajt\u00e1s\u00e1hoz sz\u00fcks\u00e9ges m\u00e9rt\u00e9kben \u00e9s id\u0151tartamban kezeli.<\/p><p>A Szolg\u00e1ltat\u00f3 a kapcsolatfelv\u00e9tel sor\u00e1n megadott szem\u00e9lyes adatokat \u00fcgyf\u00e9lkapcsolat-kezel\u0151 (CRM) rendszerben r\u00f6gz\u00edti \u00e9s kezeli a megkeres\u00e9sek nyomon k\u00f6vet\u00e9se, kapcsolattart\u00e1s \u00e9s szolg\u00e1ltat\u00e1sny\u00fajt\u00e1s c\u00e9lj\u00e1b\u00f3l.<\/p>\t\t\t\t\t\t\t\t<\/div>\n\t\t\t\t<div class=\"elementor-element elementor-element-1d4b712 elementor-widget elementor-widget-heading\" data-id=\"1d4b712\" data-element_type=\"widget\" data-e-type=\"widget\" data-widget_type=\"heading.default\">\n\t\t\t\t\t<h2 class=\"elementor-heading-title elementor-size-default\">III. Az adatkezel\u00e9s jogalapja, a Felhaszn\u00e1l\u00f3k jogai<\/h2>\t\t\t\t<\/div>\n\t\t\t\t<div class=\"elementor-element elementor-element-a738309 elementor-widget elementor-widget-text-editor\" data-id=\"a738309\" data-element_type=\"widget\" data-e-type=\"widget\" data-widget_type=\"text-editor.default\">\n\t\t\t\t\t\t\t\t\t<p>Az egyes Szolg\u00e1ltat\u00f3 \u00e1ltal ny\u00fajtott Szolg\u00e1ltat\u00e1s megrendel\u00e9s\u00e9vel, illetve haszn\u00e1lat\u00e1val az \u00e9rintett hozz\u00e1j\u00e1rul, illetve tudom\u00e1sul veszi, hogy szem\u00e9lyes adatait a Medcon Kft. a jelen Adatkezel\u00e9si T\u00e1j\u00e9koztat\u00f3 rendelkez\u00e9sei szerint kezelje.<\/p>\n<p>Az adatkezel\u00e9sre a Weboldalakon tal\u00e1lhat\u00f3 internetes tartalmak felhaszn\u00e1l\u00f3inak \u00f6nk\u00e9ntes, megfelel\u0151 t\u00e1j\u00e9koztat\u00e1son alapul\u00f3 nyilatkozata alapj\u00e1n ker\u00fcl sor, amely nyilatkozat tartalmazza a Felhaszn\u00e1l\u00f3 kifejezett hozz\u00e1j\u00e1rul\u00e1s\u00e1t ahhoz, hogy az oldal haszn\u00e1lata sor\u00e1n k\u00f6z\u00f6lt, illetve r\u00f3la gener\u00e1lt szem\u00e9lyes adatai felhaszn\u00e1l\u00e1sra ker\u00fcljenek.<\/p>\n<p>Azokat a term\u00e9szetes szem\u00e9lyeket, akik szem\u00e9lyes adatait a Szolg\u00e1ltat\u00f3 \u2013 b\u00e1rmely okn\u00e1l fogva \u2013 kezeli, a Szolg\u00e1ltat\u00f3 adatkezel\u00e9s\u00e9t illet\u0151en a k\u00f6vetkez\u0151 jogosults\u00e1gok illetik:<\/p>\n<ol>\n<li>t\u00e1j\u00e9koztat\u00e1shoz val\u00f3 jog;<\/li>\n<li>helyesb\u00edt\u00e9shez val\u00f3 jog;<\/li>\n<li>elfeledtet\u00e9shez val\u00f3 jog;<\/li>\n<li>adatkezel\u00e9s korl\u00e1toz\u00e1s\u00e1hoz val\u00f3 jog;<\/li>\n<li>adathordozhat\u00f3s\u00e1ghoz val\u00f3 jog;<\/li>\n<li>tiltakoz\u00e1shoz val\u00f3 jog.<\/li>\n<\/ol>\n<p><strong><br \/>[Helyesb\u00edt\u00e9shez val\u00f3 jog]\u00a0<\/strong><\/p>\n<p>Amennyiben az Adatkezel\u0151 pontatlanul vagy hi\u00e1nyosan kezeli a Felhaszn\u00e1l\u00f3 valamely szem\u00e9lyes adat\u00e1t, \u00fagy a jogosult k\u00e9rheti az Adatkezel\u0151t, hogy a pontatlanul kezelt szem\u00e9lyes adatot halad\u00e9ktalanul helyesb\u00edtse, illetve a hi\u00e1nyosan kezelt szem\u00e9lyes adatot halad\u00e9ktalanul kieg\u00e9sz\u00edtse a jogosult \u00e1ltal szolg\u00e1ltatott \u00e9s igazolt adatok alapj\u00e1n.<\/p>\n<p>A Felhaszn\u00e1l\u00f3 (vagy k\u00e9pviselet\u00e9ben elj\u00e1r\u00f3 \u00e9s igazolt meghatalmazottja) a helyesb\u00edt\u00e9s ir\u00e1nti k\u00e9relm\u00e9t az Adatkezel\u0151 r\u00e9sz\u00e9re t\u00f6rt\u00e9n\u0151 nyilatkozat megk\u00fcld\u00e9s\u00e9vel terjesztheti el\u0151.<\/p>\n<p><strong>[T\u00f6rl\u00e9shez val\u00f3 jog]\u00a0<\/strong><\/p>\n<p>A Felhaszn\u00e1l\u00f3 jogosult az Adatkezel\u0151t\u0151l k\u00e9rni szem\u00e9lyes adatainak t\u00f6rl\u00e9s\u00e9t az Adatkezel\u0151 valamennyi nyilv\u00e1ntart\u00e1s\u00e1b\u00f3l. Az Adatkezel\u0151 e k\u00e9relem be\u00e9rkez\u00e9s\u00e9t k\u00f6vet\u0151en halad\u00e9ktalanul t\u00f6rli a t\u00f6r\u00f6lni k\u00e9rt szem\u00e9lyes adatokat, ha a k\u00f6vetkez\u0151 indokok egyike fenn\u00e1ll: a) a szem\u00e9lyes adatra nincsen sz\u00fcks\u00e9g abb\u00f3l a c\u00e9lb\u00f3l, amely az adatkezel\u00e9s alapj\u00e1t k\u00e9pezte; b) a szem\u00e9lyes adatok jogosulja adatkezel\u00e9shez hozz\u00e1j\u00e1rul\u00f3 nyilatkozat\u00e1t visszavonta, \u00e9s az adatkezel\u00e9snek nincs egy\u00e9b jogalapja; c) bebizonyosodik, hogy a szem\u00e9lyes adatokat az Adatkezel\u0151 jogellenesen kezelte; d) jogszab\u00e1lyi k\u00f6telezetts\u00e9gn\u00e9l fogva az Adatkezel\u0151 k\u00f6teles a szem\u00e9lyes adatok t\u00f6rl\u00e9s\u00e9re.<\/p>\n<p>A Felhaszn\u00e1l\u00f3 a t\u00f6rl\u00e9s ir\u00e1nti k\u00e9relm\u00e9t az Adatkezel\u0151 r\u00e9sz\u00e9re t\u00f6rt\u00e9n\u0151 nyilatkozat megk\u00fcld\u00e9s\u00e9vel terjesztheti el\u0151.<\/p>\n<p>Az Adatkezel\u0151 a szem\u00e9lyes adat t\u00f6rl\u00e9s\u00e9t megtagadhatja, amennyiben a GDPR 17. cikk (3) bekezd\u00e9s\u00e9ben meghat\u00e1rozott felt\u00e9telek valamelyike fenn\u00e1ll.<\/p>\n<p><strong>[Adatkezel\u00e9s korl\u00e1toz\u00e1s\u00e1hoz val\u00f3 jog]<\/strong><\/p>\n<p>A Felhaszn\u00e1l\u00f3 jogosult k\u00e9rni az Adatkezel\u0151t, hogy a szem\u00e9lyes adataira vonatkoz\u00f3 adatkezel\u00e9st korl\u00e1tozza amennyiben: a) a Felhaszn\u00e1l\u00f3 vitatja az Adatkezel\u0151 \u00e1ltal gy\u0171jt\u00f6tt \u00e9s t\u00e1rolt szem\u00e9lyes adatai pontoss\u00e1g\u00e1t, ezen adatok pontoss\u00e1g\u00e1nak vizsg\u00e1lat\u00e1ra vonatkoz\u00f3 id\u0151tartamra; vagy b) az Adatkezel\u0151 \u00e1ltal v\u00e9gzett adatkezel\u00e9s jogellenes \u00e9s a Felhaszn\u00e1l\u00f3 a gy\u0171jt\u00f6tt \u00e9s t\u00e1rolt szem\u00e9lyes adatainak t\u00f6rl\u00e9s\u00e9t ellenzi; vagy c) az adatkezel\u00e9s c\u00e9lja megsz\u0171nt \u00e9s az Adatkezel\u0151nek nincs sz\u00fcks\u00e9ge a gy\u0171jt\u00f6tt \u00e9s t\u00e1rolt szem\u00e9lyes adatokra, de a Felhaszn\u00e1l\u00f3 jogi ig\u00e9nye el\u0151terjeszt\u00e9se, \u00e9rv\u00e9nyes\u00edt\u00e9se vagy v\u00e9delme \u00e9rdek\u00e9ben k\u00e9ri a tov\u00e1bbi (korl\u00e1tozott) adatkezel\u00e9st; vagy d) a Felhaszn\u00e1l\u00f3 tiltakoz\u00e1si jog\u00e1val \u00e9l, a tiltakoz\u00e1si jog jogszer\u0171s\u00e9g\u00e9nek kivizsg\u00e1l\u00e1s\u00e1nak idej\u00e9re.<\/p>\n<p>A Felhaszn\u00e1l\u00f3 (vagy a k\u00e9pviselet\u00e9ben elj\u00e1r\u00f3 \u00e9s igazolt meghatalmazottja) a korl\u00e1toz\u00e1s ir\u00e1nti k\u00e9relm\u00e9t az Adatkezel\u0151 r\u00e9sz\u00e9re t\u00f6rt\u00e9n\u0151 nyilatkozat megk\u00fcld\u00e9s\u00e9vel terjesztheti el\u0151.<\/p>\n<p>A korl\u00e1toz\u00e1s al\u00e1 es\u0151 szem\u00e9lyes adatot az Adatkezel\u0151 kiz\u00e1r\u00f3lag t\u00e1rolni jogosult. A korl\u00e1toz\u00e1s al\u00e1 es\u0151 szem\u00e9lyes adaton adatkezel\u00e9st v\u00e9grehajtani az Adatkezel\u0151 kiz\u00e1r\u00f3lag a jogosult el\u0151zetes \u00edr\u00e1sbeli hozz\u00e1j\u00e1rul\u00e1sa vagy jogi \u00e9rdek\u00e9nek el\u0151terjeszt\u00e9se, \u00e9rv\u00e9nyes\u00edt\u00e9se vagy v\u00e9delme \u00e9rdek\u00e9ben, tov\u00e1bb\u00e1 az Eur\u00f3pai Uni\u00f3 vagy tag\u00e1llama fontos k\u00f6z\u00e9rdek\u00e9b\u0151l jogosult.<\/p>\n<p>Amennyiben a szem\u00e9lyes adat korl\u00e1toz\u00e1s\u00e1nak felt\u00e9telei nem \u00e1llnak fenn, \u00fagy az Adatkezel\u0151 a korl\u00e1toz\u00e1st feloldja, \u00e9s err\u0151l el\u0151zetesen k\u00f6teles t\u00e1j\u00e9koztatni a Felhaszn\u00e1l\u00f3t.<\/p>\n<p><strong>[Adathordozhat\u00f3s\u00e1ghoz val\u00f3 jog]<\/strong><\/p>\n<p>Az olyan szem\u00e9lyes adat vonatkoz\u00e1s\u00e1ban, amelyet az Adatkezel\u0151 a Felhaszn\u00e1l\u00f3 hozz\u00e1j\u00e1rul\u00e1sa alapj\u00e1n automatiz\u00e1lt m\u00f3don kezel, a Felhaszn\u00e1l\u00f3 k\u00e9rheti a T\u00e1rsas\u00e1got, hogy az \u00e1ltala rendelkez\u00e9sre bocs\u00e1tott szem\u00e9lyes adatait az Adatkezel\u0151 elektronikus form\u00e1tumban \u2013 a GDPR 20. cikk (1) bekezd\u00e9s\u00e9ben meghat\u00e1rozottak szerint \u2013 a rendelkez\u00e9s\u00e9re bocs\u00e1ssa.<\/p>\n<p>Az Adatkezel\u0151 a gy\u0171jt\u00f6tt \u00e9s t\u00e1rolt szem\u00e9lyes adatok elektronikus form\u00e1ban t\u00f6rt\u00e9n\u0151 \u00e1tad\u00e1s\u00e1n\u00e1l k\u00f6teles figyelembe venni, hogy a Felhaszn\u00e1l\u00f3 az elektronikus form\u00e1ban \u00e1tadott gy\u0171jt\u00f6tt \u00e9s t\u00e1rolt szem\u00e9lyes adatait jogosult \u00e1tadni m\u00e1sik adatkezel\u0151nek, vagy az Adatkezel\u0151t felk\u00e9rni, hogy e szem\u00e9lyes adatokat k\u00f6zvetlen\u00fcl k\u00fcldje meg m\u00e1sik adatkezel\u0151nek.<\/p>\n<p>A Felhaszn\u00e1l\u00f3 (vagy k\u00e9pviselet\u00e9ben elj\u00e1r\u00f3 \u00e9s igazolt meghatalmazottja) az adathordoz\u00e1s ir\u00e1nti k\u00e9relm\u00e9t a T\u00e1rsas\u00e1g r\u00e9sz\u00e9re t\u00f6rt\u00e9n\u0151 nyilatkozat megk\u00fcld\u00e9s\u00e9vel terjesztheti el\u0151.<\/p>\n<p><strong>[Tiltakoz\u00e1shoz val\u00f3 jog]\u00a0<\/strong><\/p>\n<p>A Felhaszn\u00e1l\u00f3 tiltakozhat a szem\u00e9lyes adatainak Adatkezel\u0151 \u00e1ltali adatkezel\u00e9se ellen, amennyiben az Adatkezel\u0151 az adatkezel\u00e9st az Adatkezel\u0151 vagy harmadik f\u00e9l jogos \u00e9rdek\u00e9nek \u00e9rv\u00e9nyes\u00edt\u00e9se \u00e9rdek\u00e9ben hajtja v\u00e9gre.<\/p>\n<p>A szem\u00e9lyes adat jogosultja (vagy k\u00e9pviselet\u00e9ben elj\u00e1r\u00f3 \u00e9s igazolt meghatalmazottja) a tiltakoz\u00e1s ir\u00e1nti k\u00e9relm\u00e9t a T\u00e1rsas\u00e1g r\u00e9sz\u00e9re t\u00f6rt\u00e9n\u0151 nyilatkozat megk\u00fcld\u00e9s\u00e9vel terjesztheti el\u0151.<\/p>\n<p>A tiltakoz\u00f3 nyilatkozat Adatkezel\u0151 \u00e1ltali elfogad\u00e1s\u00e1t k\u00f6vet\u0151en az Adatkezel\u0151 nem jogosult az \u00e9rintett szem\u00e9lyes adatot az Adatkezel\u0151 vagy harmadik f\u00e9l jogos \u00e9rdek\u00e9nek \u00e9rv\u00e9nyes\u00edt\u00e9se \u00e9rdek\u00e9ben kezelni, kiv\u00e9ve, ha az Adatkezel\u0151 bizony\u00edtja, hogy az adatkezel\u00e9st olyan k\u00e9nyszer\u00edt\u0151 erej\u0171 jogos ok igazolja, amelyek els\u0151bbs\u00e9get \u00e9lvez az \u00e9rintett \u00e9rdekeivel, jogaival \u00e9s szabads\u00e1gaival szemben, vagy amelyik jogi ig\u00e9nyek el\u0151terjeszt\u00e9s\u00e9hez, \u00e9rv\u00e9nyes\u00edt\u00e9s\u00e9hez vagy v\u00e9delm\u00e9hez kapcsol\u00f3dik<\/p>\n<p><strong>[Adatv\u00e9delmi tisztvisel\u0151]<\/strong><\/p>\n<p>Adatv\u00e9delmi tisztvisel\u0151 ker\u00fclt kijel\u00f6l\u00e9sre annak biztos\u00edt\u00e1sa \u00e9rdek\u00e9ben, hogy szem\u00e9lyes adatok mindig nyitott, pontos \u00e9s t\u00f6rv\u00e9nyes m\u00f3don ker\u00fcljenek feldolgoz\u00e1sra. Adatv\u00e9delmi tisztvisel\u0151nkkel a\u00a0<a href=\"mailto:info@implantix.hu\">info@implantix.hu<\/a><u>\u00a0<\/u>e-mail-c\u00edmen l\u00e9phetnek kapcsolatba.<\/p>\t\t\t\t\t\t\t\t<\/div>\n\t\t\t\t<div class=\"elementor-element elementor-element-234c571 elementor-widget elementor-widget-heading\" data-id=\"234c571\" data-element_type=\"widget\" data-e-type=\"widget\" data-widget_type=\"heading.default\">\n\t\t\t\t\t<h2 class=\"elementor-heading-title elementor-size-default\">IV. Adatkezel\u00e9s id\u0151tartama<\/h2>\t\t\t\t<\/div>\n\t\t\t\t<div class=\"elementor-element elementor-element-20eaace elementor-widget elementor-widget-text-editor\" data-id=\"20eaace\" data-element_type=\"widget\" data-e-type=\"widget\" data-widget_type=\"text-editor.default\">\n\t\t\t\t\t\t\t\t\t<p>A Szolg\u00e1ltat\u00f3 a jelen T\u00e1j\u00e9koztat\u00f3ban meghat\u00e1rozott id\u0151tartam(ok) alatt kezeli az \u00e9rintett szem\u00e9lyes \u00e9s egy\u00e9b technikai adatait.<\/p>\n<p>A Szolg\u00e1ltat\u00f3 a szem\u00e9lyes adatot a hozz\u00e1j\u00e1rul\u00f3 nyilatkozat megt\u00e9tel\u00e9t\u0151l kezd\u0151d\u0151en a k\u00f6telmi jogviszony megsz\u0171n\u00e9s\u00e9t\u0151l 5 \u00e9vig t\u00e1rolja; a p\u00e9nzmos\u00e1s \u00e9s a terrorizmus finansz\u00edroz\u00e1sa megel\u0151z\u00e9s\u00e9r\u0151l \u00e9s megakad\u00e1lyoz\u00e1s\u00e1r\u00f3l sz\u00f3l\u00f3 2017. \u00e9vi LIII. t\u00f6rv\u00e9ny 56-57. \u00a7 rendelkez\u00e9seinek hat\u00e1lya al\u00e1 tartozik, az adatkezel\u00e9s id\u0151tartama: a k\u00f6telmi jogviszony megsz\u0171n\u00e9s\u00e9t k\u00f6vet\u0151 8 \u00e9v. A sz\u00e1mviteli bizonylatok a sz\u00e1mvitelr\u0151l sz\u00f3l\u00f3 2000. \u00e9vi C. t\u00f6rv\u00e9ny 169. \u00a7 (2) bekezd\u00e9se alapj\u00e1n 8 \u00e9vig ker\u00fclnek meg\u0151rz\u00e9sre.<\/p>\n<p>A Szolg\u00e1ltat\u00f3 \u2013 a jelen T\u00e1j\u00e9koztat\u00f3, illetve a Felhaszn\u00e1l\u00e1si Felt\u00e9telek elt\u00e9r\u0151 rendelkez\u00e9se hi\u00e1ny\u00e1ban \u2013 az \u00e9rintett hozz\u00e1j\u00e1rul\u00e1s\u00e1nak visszavon\u00e1s\u00e1ig kezeli az \u00e9rintett szem\u00e9lyes adatait rekl\u00e1m tartalm\u00fa k\u00f6zvetlen \u00fczletszerz\u00e9si illetve marketing c\u00e9l\u00fa megkeres\u00e9s k\u00fcld\u00e9se c\u00e9lj\u00e1b\u00f3l. A jelen T\u00e1j\u00e9koztat\u00f3 elt\u00e9r\u0151 rendelkez\u00e9se hi\u00e1ny\u00e1ban a Szolg\u00e1ltat\u00e1s megsz\u0171n\u00e9se illetve a Szolg\u00e1ltat\u00e1s ig\u00e9nybev\u00e9tel\u00e9nek (pl. regisztr\u00e1ci\u00f3) megsz\u00fcntet\u00e9se nem jelenti a rekl\u00e1m tartalm\u00fa k\u00f6zvetlen \u00fczletszerz\u00e9si illetve marketing c\u00e9l\u00fa megkeres\u00e9s k\u00fcld\u00e9s\u00e9hez adott hozz\u00e1j\u00e1rul\u00e1s visszavon\u00e1s\u00e1t, a hozz\u00e1j\u00e1rul\u00e1st \u2013 megkeres\u00e9s-t\u00edpusonk\u00e9nt (pl. h\u00edrlev\u00e9l, e-DM, stb.) \u2013 k\u00fcl\u00f6n sz\u00fcks\u00e9ges visszavonni.<\/p>\n<p>A direkt marketing \u00fczenetek tov\u00e1bb\u00edt\u00e1s\u00e1hoz adott hozz\u00e1j\u00e1rul\u00e1s visszavon\u00e1s\u00e1t \u00e9s a szem\u00e9lyes adatok t\u00f6rl\u00e9s\u00e9t vagy m\u00f3dos\u00edt\u00e1s\u00e1t az al\u00e1bbi m\u00f3dokon lehet k\u00e9rni:<\/p>\n<ul>\n<li>e-mail \u00fatj\u00e1n az\u00a0<a href=\"mailto:info@implantix.hu\">info@implantix.hu<\/a>\u00a0c\u00edmen, tov\u00e1bb\u00e1<\/li>\n<li>postai \u00faton a\u00a0<strong>1031 Bp, Silvanus s\u00e9t\u00e1ny 21. II\/4<\/strong>\u00a0c\u00edmen.<\/li>\n<\/ul>\t\t\t\t\t\t\t\t<\/div>\n\t\t\t\t<div class=\"elementor-element elementor-element-6ebdb38 elementor-widget elementor-widget-heading\" data-id=\"6ebdb38\" data-element_type=\"widget\" data-e-type=\"widget\" data-widget_type=\"heading.default\">\n\t\t\t\t\t<h2 class=\"elementor-heading-title elementor-size-default\">V. Adatbiztons\u00e1g<\/h2>\t\t\t\t<\/div>\n\t\t\t\t<div class=\"elementor-element elementor-element-fac531b elementor-widget elementor-widget-text-editor\" data-id=\"fac531b\" data-element_type=\"widget\" data-e-type=\"widget\" data-widget_type=\"text-editor.default\">\n\t\t\t\t\t\t\t\t\t<p>A Szolg\u00e1ltat\u00f3 megb\u00edz\u00e1s\u00e1b\u00f3l a MediaCenter Hungary Kft (sz\u00e9khely: 6000 Kecskem\u00e9t, Sosztakovics u. 3. II\/6) napi 24 \u00f3r\u00e1s \u0151rz\u00e9ssel v\u00e9dett szerveren t\u00e1rolja a szem\u00e9lyes adatokat.<\/p>\t\t\t\t\t\t\t\t<\/div>\n\t\t\t\t<div class=\"elementor-element elementor-element-ce01eef elementor-widget elementor-widget-heading\" data-id=\"ce01eef\" data-element_type=\"widget\" data-e-type=\"widget\" data-widget_type=\"heading.default\">\n\t\t\t\t\t<h2 class=\"elementor-heading-title elementor-size-default\">VI. Adattov\u00e1bb\u00edt\u00e1sok \u00e9s adatfeldolgoz\u00f3k (c\u00edmzettek)<\/h2>\t\t\t\t<\/div>\n\t\t\t\t<div class=\"elementor-element elementor-element-f5ff557 elementor-widget elementor-widget-text-editor\" data-id=\"f5ff557\" data-element_type=\"widget\" data-e-type=\"widget\" data-widget_type=\"text-editor.default\">\n\t\t\t\t\t\t\t\t\t<p>A szem\u00e9lyes adatokat els\u0151dlegesen a Szolg\u00e1ltat\u00f3, illetve a Szolg\u00e1ltat\u00f3 bels\u0151 munkat\u00e1rsai jogosultak megismerni, azonban azokat nem teszik k\u00f6zz\u00e9, harmadik szem\u00e9lyek r\u00e9sz\u00e9re nem adj\u00e1k \u00e1t.<\/p>\n<p>A Szolg\u00e1ltat\u00e1sai ny\u00fajt\u00e1sa, a Felhaszn\u00e1l\u00f3k kiszolg\u00e1l\u00e1sa \u00e9s a Szolg\u00e1ltat\u00e1st m\u0171k\u00f6dtet\u0151 informatikai rendszer \u00fczemeltet\u00e9se \u00e9rdek\u00e9ben a Szolg\u00e1ltat\u00f3 adatfeldolgoz\u00f3kat vesz ig\u00e9nybe. Az adatfeldolgoz\u00f3k a mindenkor hat\u00e1lyos adatv\u00e9delmi rendelkez\u00e9seknek megfelel\u0151en, a jogszab\u00e1lyok betart\u00e1sa mellett v\u00e9gzik adatfeldolgoz\u00f3i tev\u00e9kenys\u00e9g\u00fcket.<\/p>\n<p>Az al\u00e1bbi adatfeldolgoz\u00f3kkal dolgozunk egy\u00fctt:<\/p>\n<p><\/p>\n<table>\n<tbody>\n<tr>\n<td width=\"32%\">c\u00e9gn\u00e9v<\/td>\n<td width=\"32%\">sz\u00e9khely<\/td>\n<td width=\"32%\">tev\u00e9kenys\u00e9g<\/td>\n<\/tr>\n<tr>\n<td><strong>MediaCenter Hungary Kft<\/strong><\/td>\n<td>6000 Kecskem\u00e9t, Sosztakovics u. 3. II\/6<\/td>\n<td>szerverszolg\u00e1ltat\u00e1s<\/td>\n<\/tr>\n<tr>\n<td><strong>MiniCRM Zrt.<\/strong><\/td>\n<td>1075 Budapest, Mad\u00e1ch Imre \u00fat 13\u201314.<\/td>\n<td>k\u00f6zponti \u00fcgyf\u00e9ladatb\u00e1zis, feladatkezel\u00e9s, sz\u00e1ml\u00e1z\u00e1s, rendel\u00e9sek kezel\u00e9se, h\u00edrlev\u00e9l k\u00fcld\u00e9s<\/td>\n<\/tr>\n<tr>\n<td><b>DataCrew Kft.<\/b><\/td>\n<td>8220 Balatonalm\u00e1di, Kert u. 15.<\/td>\n<td>k\u00f6zponti \u00fcgyf\u00e9ladatb\u00e1zis<\/td>\n<\/tr>\n<\/tbody>\n<\/table>\n<p>B\u00edr\u00f3s\u00e1g, \u00fcgy\u00e9szs\u00e9g, nyomoz\u00f3 hat\u00f3s\u00e1g, szab\u00e1lys\u00e9rt\u00e9si hat\u00f3s\u00e1g, k\u00f6zigazgat\u00e1si hat\u00f3s\u00e1g, a Nemzeti Adatv\u00e9delmi \u00e9s Inform\u00e1ci\u00f3szabads\u00e1g Hat\u00f3s\u00e1g, illetve jogszab\u00e1ly felhatalmaz\u00e1sa alapj\u00e1n m\u00e1s szervek megkereshetik a Szolg\u00e1ltat\u00f3t t\u00e1j\u00e9koztat\u00e1s ad\u00e1sa, adatok k\u00f6zl\u00e9se, \u00e1tad\u00e1sa, illet\u0151leg iratok rendelkez\u00e9sre bocs\u00e1t\u00e1sa c\u00e9lj\u00e1b\u00f3l. A Szolg\u00e1ltat\u00f3 a megkeres\u0151 szerv r\u00e9sz\u00e9re \u2013 amennyiben a pontos c\u00e9lt \u00e9s az adatok k\u00f6r\u00e9t megjel\u00f6lte \u2013 a megkeres\u00e9s c\u00e9lj\u00e1nak megval\u00f3s\u00edt\u00e1s\u00e1hoz elengedhetetlen\u00fcl sz\u00fcks\u00e9ges szem\u00e9lyes adatokat rendelkez\u00e9sre bocs\u00e1tja. A hat\u00f3s\u00e1goknak, b\u00edr\u00f3s\u00e1goknak, illetve a jogszab\u00e1lyon alapul\u00f3 adattov\u00e1bb\u00edt\u00e1sr\u00f3l a Szolg\u00e1ltat\u00f3 nem minden esetben ad t\u00e1j\u00e9koztat\u00e1st az \u00e9rintettnek.<\/p>\n<p>Az adatfeldolgoz\u00f3knak t\u00f6rt\u00e9n\u0151 adattov\u00e1bb\u00edt\u00e1sokhoz az \u00e9rintett hozz\u00e1j\u00e1rul\u00e1sa nem sz\u00fcks\u00e9ges. A Szolg\u00e1ltat\u00f3 az adat\u00e1tad\u00e1sokr\u00f3l adattov\u00e1bb\u00edt\u00e1si nyilv\u00e1ntart\u00e1sokat vezet.<\/p>\n<p>A jelen T\u00e1j\u00e9koztat\u00f3 elfogad\u00e1s\u00e1val a Felhaszn\u00e1l\u00f3 kifejezetten elfogadja \u00e9s hozz\u00e1j\u00e1rul ahhoz, hogy az Adatkezel\u0151 tov\u00e1bb\u00edtsa szem\u00e9lyes adatait az adatfeldolgoz\u00f3k r\u00e9sz\u00e9re.<\/p>\n<p><strong>CRM rendszer haszn\u00e1lata<\/strong><\/p>\n<p>A Szolg\u00e1ltat\u00f3 az \u00fcgyf\u00e9lkapcsolatok kezel\u00e9se, megkeres\u00e9sek nyilv\u00e1ntart\u00e1sa \u00e9s az adminisztrat\u00edv folyamatok t\u00e1mogat\u00e1sa \u00e9rdek\u00e9ben MiniCRM Zrt. \u00e1ltal \u00fczemeltetett \u00fcgyf\u00e9lkapcsolat-kezel\u0151 rendszert haszn\u00e1l.<br>A CRM rendszerben kezelt \u00e9s t\u00e1rolt adatok k\u00f6re k\u00fcl\u00f6n\u00f6sen: n\u00e9v, e-mail c\u00edm, telefonsz\u00e1m, megkeres\u00e9sek tartalma, aj\u00e1nlat, szerz\u0151d\u00e9s, archiv\u00e1lt emailek.<\/p>\t\t\t\t\t\t\t\t<\/div>\n\t\t\t\t<div class=\"elementor-element elementor-element-ad51146 elementor-widget elementor-widget-heading\" data-id=\"ad51146\" data-element_type=\"widget\" data-e-type=\"widget\" data-widget_type=\"heading.default\">\n\t\t\t\t\t<h2 class=\"elementor-heading-title elementor-size-default\">VII. K\u00fcls\u0151 szolg\u00e1ltat\u00f3k tev\u00e9kenys\u00e9ge<\/h2>\t\t\t\t<\/div>\n\t\t\t\t<div class=\"elementor-element elementor-element-0f6bb0c elementor-widget elementor-widget-text-editor\" data-id=\"0f6bb0c\" data-element_type=\"widget\" data-e-type=\"widget\" data-widget_type=\"text-editor.default\">\n\t\t\t\t\t\t\t\t\t<p>Weboldalaink harmadik felek weboldalaira \u00e9s szolg\u00e1ltat\u00e1saira mutat\u00f3 linkeket tartalmaznak, bele\u00e9rtve harmadik f\u00e9l partnereink weboldalait \u00e9s szolg\u00e1ltat\u00e1sait is. K\u00e9rj\u00fck, vegye figyelembe, hogy amikor egy linket haszn\u00e1l, hogy Weboldalainkr\u00f3l egy m\u00e1sik webhelyre ugorhasson, vagy harmadik szem\u00e9lyt\u0151l k\u00e9r szolg\u00e1ltat\u00e1st, ez az Adatv\u00e9delmi T\u00e1j\u00e9koztat\u00f3 arra m\u00e1r nem \u00e9rv\u00e9nyes.<\/p>\n<p><strong>Alkalmaz\u00e1sok web\u00e1ruh\u00e1zait m\u0171k\u00f6dtet\u0151 szolg\u00e1ltat\u00f3k<\/strong><\/p>\n<p>A mobil \u00e9s t\u00e1blag\u00e9p alkalmaz\u00e1sok \u00e1ruh\u00e1zait (pl. Apple Store, Android Store) m\u0171k\u00f6dtet\u0151 szolg\u00e1ltat\u00f3k (pl. Apple Inc., Google Inc.) a Szolg\u00e1ltat\u00f3t\u00f3l f\u00fcggetlen\u00fcl kezelik a v\u00e9gfelhaszn\u00e1l\u00f3i k\u00e9sz\u00fcl\u00e9kre telep\u00edtett Szolg\u00e1ltat\u00e1sok felhaszn\u00e1l\u00f3inak adatait, \u00e9s k\u00fcldenek friss\u00edt\u00e9sre vonatkoz\u00f3 \u00e9rtes\u00edt\u00e9seket.<\/p>\n<p><strong>K\u00fcls\u0151 k\u00f6zvet\u00edt\u0151 szolg\u00e1ltat\u00f3k<\/strong><\/p>\n<p>Egyes szolg\u00e1ltat\u00f3k (pl. Google Inc., Instagram Inc., Facebook Inc.; YouTube Inc.; Vimeo) a saj\u00e1t adatv\u00e9delmi ir\u00e1nyelveik szerint a Szolg\u00e1ltat\u00e1sok ig\u00e9nybev\u00e9tele sor\u00e1n regisztr\u00e1ci\u00f3t \u00e9s bel\u00e9p\u00e9st k\u00f6nny\u00edt\u0151 alkalmaz\u00e1sokat biztos\u00edtanak. A Szolg\u00e1ltat\u00f3 az ennek sor\u00e1n a sz\u00e1m\u00e1ra tov\u00e1bb\u00edtott adatokat a jelen T\u00e1j\u00e9koztat\u00f3ban meghat\u00e1rozottak szerint kezeli. A Szolg\u00e1ltat\u00e1s keret\u00e9ben el\u00e9rhet\u0151v\u00e9 tett \u00e9s a k\u00fcl\u00f6nb\u00f6z\u0151 k\u00f6z\u00f6ss\u00e9gi oldalakon megosztott tartalmak vonatkoz\u00e1s\u00e1ban a tartalom megoszt\u00e1s\u00e1t lehet\u0151v\u00e9 tev\u0151 szolg\u00e1ltat\u00f3 min\u0151s\u00fcl a szem\u00e9lyes adatok kezel\u0151j\u00e9nek, tev\u00e9kenys\u00e9g\u00e9re saj\u00e1t felhaszn\u00e1l\u00e1si felt\u00e9telei \u00e9s adatv\u00e9delmi szab\u00e1lyzata az ir\u00e1nyad\u00f3. Ilyen k\u00fcls\u0151 k\u00f6zvet\u00edt\u0151 szolg\u00e1ltat\u00e1sok p\u00e9ld\u00e1ul:<\/p>\n<table>\n<tbody>\n<tr>\n<td width=\"15%\">\n<p>\u00a0<\/p>\n<\/td>\n<td width=\"38%\">\n<p>Adatv\u00e9delmi t\u00e1j\u00e9koztat\u00f3 linkje<\/p>\n<\/td>\n<td width=\"44%\">\n<p>Felhaszn\u00e1l\u00e1si felt\u00e9telek linkje<\/p>\n<\/td>\n<\/tr>\n<tr>\n<td width=\"15%\">\n<p>Facebook<\/p>\n<\/td>\n<td width=\"38%\">\n<p><a href=\"http:\/\/www.facebook.com\/full_data_use_policy\">http:\/\/www.facebook.com\/full_data_use_policy<\/a><\/p>\n<\/td>\n<td width=\"44%\">\n<p><a href=\"http:\/\/www.facebook.com\/legal\/terms?ref=pf\">http:\/\/www.facebook.com\/legal\/terms?ref=pf<\/a><\/p>\n<\/td>\n<\/tr>\n<tr>\n<td width=\"15%\">\n<p>Google<\/p>\n<\/td>\n<td width=\"38%\">\n<p><a href=\"https:\/\/www.google.com\/intl\/hu\/+\/policy\/\">https:\/\/www.google.com\/intl\/hu\/+\/policy\/<\/a><\/p>\n<\/td>\n<td width=\"44%\">\n<p><a href=\"https:\/\/www.google.com\/intl\/hu\/+\/policy\/pagesterm.html\">https:\/\/www.google.com\/intl\/hu\/+\/policy\/pagesterm.html<\/a><\/p>\n<\/td>\n<\/tr>\n<tr>\n<td width=\"15%\">\n<p>Instagram<\/p>\n<\/td>\n<td width=\"38%\">\n<p><a href=\"http:\/\/instagram.com\/privacy\">http:\/\/instagram.com\/privacy<\/a><\/p>\n<\/td>\n<td width=\"44%\">\n<p><a href=\"https:\/\/www.facebook.com\/help\/instagram\/478745558852511\">https:\/\/www.facebook.com\/help\/instagram\/478745558852511<\/a><\/p>\n<\/td>\n<\/tr>\n<tr>\n<td width=\"15%\">\n<p>YouTube<\/p>\n<\/td>\n<td width=\"38%\">\n<p><a href=\"https:\/\/policies.google.com\/privacy\">https:\/\/policies.google.com\/privacy<\/a><\/p>\n<\/td>\n<td width=\"44%\">\n<p><a href=\"https:\/\/policies.google.com\/terms\">https:\/\/policies.google.com\/terms<\/a><\/p>\n<\/td>\n<\/tr>\n<tr>\n<td width=\"15%\">\n<p>Vimeo<\/p>\n<\/td>\n<td width=\"38%\">\n<p><a href=\"https:\/\/vimeo.com\/privacy\">https:\/\/vimeo.com\/privacy<\/a><\/p>\n<\/td>\n<td width=\"44%\">\n<p><a href=\"https:\/\/vimeo.com\/terms\">https:\/\/vimeo.com\/terms<\/a><\/p>\n<\/td>\n<\/tr>\n<\/tbody>\n<\/table>\n<p><strong>Webanalitikai \u00e9s hirdet\u00e9s-kiszolg\u00e1l\u00f3 k\u00fcls\u0151 t\u00e1rsas\u00e1gok<\/strong><\/p>\n<ol>\n<li>A webanalitikai \u00e9s hirdet\u00e9s-kiszolg\u00e1l\u00f3 szolg\u00e1ltat\u00f3k a felhaszn\u00e1l\u00f3i szok\u00e1sok m\u00e9r\u00e9s\u00e9vel, valamint a hirdet\u00e9sek kiszolg\u00e1l\u00e1s\u00e1val kapcsolatosan, inform\u00e1ci\u00f3gy\u0171jt\u00e9s c\u00e9lj\u00e1b\u00f3l a cookie-k mellett m\u00e9r\u0151pixeleket, \u00e9s a hirdet\u00e9si kamp\u00e1nyok azonos\u00edt\u00e1s\u00e1t szolg\u00e1l\u00f3 \u00fan. kamp\u00e1nyk\u00f3dokat haszn\u00e1lnak.<\/li>\n<li>A szolg\u00e1ltat\u00f3k \u00e1ltal elhelyezett cookie-k b\u00e1rmikor t\u00f6r\u00f6lhet\u0151ek a felhaszn\u00e1l\u00f3 k\u00e9sz\u00fcl\u00e9k\u00e9r\u0151l, a b\u00f6ng\u00e9sz\u0151(k) megfelel\u0151 be\u00e1ll\u00edt\u00e1sainak kiv\u00e1laszt\u00e1s\u00e1val pedig \u00e1ltal\u00e1ban visszautas\u00edthat\u00f3 a cookie-k haszn\u00e1lata. A k\u00fcls\u0151 szolg\u00e1ltat\u00f3k \u00e1ltal elhelyezett cookie-k beazonos\u00edt\u00e1sa az adott cookie-hoz kapcsol\u00f3d\u00f3 domain alapj\u00e1n t\u00f6rt\u00e9nik.<\/li>\n<li>A Szolg\u00e1ltat\u00f3 a webalap\u00fa Szolg\u00e1ltat\u00e1sainak m\u0171k\u00f6d\u00e9s\u00e9hez k\u00fcls\u0151 webanalitikai \u00e9s hirdet\u00e9s-kiszolg\u00e1l\u00f3 t\u00e1rsas\u00e1gokat vesz ig\u00e9nybe. A Szolg\u00e1ltat\u00f3 ez\u00faton t\u00e1j\u00e9koztatja a Szolg\u00e1ltat\u00e1sait haszn\u00e1l\u00f3kat az egyes adatokon szerz\u0151d\u00f6tt partnerei \u00e1ltal \u2013 a Szolg\u00e1ltat\u00f3t\u00f3l f\u00fcggetlen\u00fcl \u2013 v\u00e9gzett tev\u00e9kenys\u00e9gr\u0151l. Az \u00e9rintett a Szolg\u00e1ltat\u00f3 weboldalainak, illetve mobil vagy t\u00e1blag\u00e9p alkalmaz\u00e1sainak haszn\u00e1lat\u00e1val hozz\u00e1j\u00e1rul a szem\u00e9ly\u00e9hez kapcsol\u00f3d\u00f3 inform\u00e1ci\u00f3k al\u00e1bbi c\u00e9lb\u00f3l \u00e9s m\u00f3don t\u00f6rt\u00e9n\u0151 hasznos\u00edt\u00e1s\u00e1hoz:<br \/><br \/><\/li>\n<\/ol>\n<ul>\n<li>a) A\u00a0<strong>Google Inc.\u00a0<\/strong>Google Analytics, Google AdSense \u00e9s Google AdMob szolg\u00e1ltat\u00e1sa<br \/><br \/>A Google Analitycs cookie-kat haszn\u00e1l abb\u00f3l a c\u00e9lb\u00f3l, hogy seg\u00edtse az adott honlap haszn\u00e1lat\u00e1nak elemz\u00e9s\u00e9t.<br \/><br \/>A Google AdSense \u00e9s AdMob cookie-t helyez el \u00e9s web beacont (web jelz\u0151) haszn\u00e1l inform\u00e1ci\u00f3gy\u0171jt\u00e9s c\u00e9lj\u00e1b\u00f3l.<br \/><br \/>A cookie \u00e1ltal t\u00e1rolt inform\u00e1ci\u00f3kat (bele\u00e9rtve a Felhaszn\u00e1l\u00f3 IP-c\u00edm\u00e9t) a Google Inc. egyes\u00fclt \u00e1llamokbeli szerverein t\u00e1rolja. A Google Inc. \u00e1tadhatja a gy\u0171jt\u00f6tt inform\u00e1ci\u00f3kat harmadik felek r\u00e9sz\u00e9re, amennyiben ezt t\u00f6rv\u00e9ny \u00edrja el\u0151, vagy az adott harmadik felek a Google Inc. megb\u00edz\u00e1s\u00e1b\u00f3l feldolgozz\u00e1k az inform\u00e1ci\u00f3kat.<br \/><br \/>A Google Inc. a Google AdSense \u00e9s a Google Adwords remarketing keret\u00e9ben olyan, a l\u00e1togat\u00f3kat nyomon k\u00f6vet\u0151 cookie-kat helyez el a felhaszn\u00e1l\u00f3k k\u00e9sz\u00fcl\u00e9k\u00e9n, amelyek a l\u00e1togat\u00f3k online magatart\u00e1s\u00e1t figyelik, \u00e9s amelyek alapj\u00e1n a Google Inc. a felhaszn\u00e1l\u00f3i magatart\u00e1son, \u00e9rdekl\u0151d\u00e9si k\u00f6r\u00f6n alapul\u00f3 rekl\u00e1mot tesz sz\u00e1mukra el\u00e9rhet\u0151v\u00e9 m\u00e1s weboldalakon. A nyomon k\u00f6vet\u0151 cookie lehet\u0151v\u00e9 teszi a Google Inc. sz\u00e1m\u00e1ra a honlapl\u00e1togat\u00f3 azonos\u00edt\u00e1s\u00e1t egy\u00e9b weboldalakon is. A Google Inc. \u201eAdatv\u00e9delmi ir\u00e1nyelvei\u201d a\u00a0<a href=\"http:\/\/www.google.hu\/intl\/hu\/policies\/privacy\/\">www.google.hu\/intl\/hu\/policies\/privacy\/<\/a>\u00a0honlapon \u00e9rhet\u0151 el.<br \/><br \/><\/li>\n<li>b) A\u00a0<strong>Facebook Inc.\u00a0<\/strong>Facebook Remarketing szolg\u00e1ltat\u00e1sa.<br \/><br \/>A Szolg\u00e1ltat\u00f3 a Facebook remarketing pixelt haszn\u00e1lja a Facebook-hirdet\u00e9sek hat\u00e9konys\u00e1g\u00e1nak n\u00f6vel\u00e9s\u00e9re, \u00edgy a Weboldal megl\u00e1togat\u00e1sa ut\u00e1n az \u00e9rintett a Facebookon is Szolg\u00e1ltat\u00f3 hirdet\u00e9sekkel tal\u00e1lkozhat. A Facebook Inc. \u201eAdatv\u00e9delmi ir\u00e1nyelvei\u201d a <a href=\"https:\/\/www.facebook.com\/business\/gdpr\">www.facebook.com\/business\/gdpr<\/a>\u00a0honlapon \u00e9rhet\u0151 el.<\/li>\n<\/ul>\t\t\t\t\t\t\t\t<\/div>\n\t\t\t\t\t<\/div>\n\t\t\t\t<\/div>\n\t\t\t\t<\/div>\n\t\t","protected":false},"excerpt":{"rendered":"<p>Adatkezel\u00e9si T\u00e1j\u00e9koztat\u00f3 Jelen T\u00e1j\u00e9koztat\u00f3 c\u00e9lja, hogy r\u00f6gz\u00edtse az Medcon Kft. (sz\u00e9khely:\u00a01031 Bp, Silvanus s\u00e9t\u00e1ny 21. II\/4.\u00a0; c\u00e9gjegyz\u00e9ksz\u00e1m:\u00a0\u00a001 09 675749,\u00a0nyilv\u00e1ntartja a F\u0151v\u00e1rosi T\u00f6rv\u00e9nysz\u00e9k C\u00e9gb\u00edr\u00f3s\u00e1ga; ad\u00f3sz\u00e1m:\u00a010704145141; tov\u00e1bbiakban:\u00a0Szolg\u00e1ltat\u00f3),\u00a0Implantix \u2013 Implants, Esthetics &amp; More\u00a0brand alatt alkalmazott \u00e9s a Szolg\u00e1ltat\u00f3 \u00e1ltal ny\u00fajtott Szolg\u00e1ltat\u00e1sok adatv\u00e9delmi \u00e9s adatkezel\u00e9si elveit, politik\u00e1it. A jelen T\u00e1j\u00e9koztatat\u00f3 a Szolg\u00e1ltat\u00f3 \u00e1ltal \u00fczemeltetett a\u00a0implantix.hu\u00a0(tov\u00e1bbiakban:\u00a0Weboldal) \u00fatj\u00e1n el\u00e9rhet\u0151, illetve let\u00f6lthet\u0151 [&hellip;]<\/p>\n","protected":false},"author":1,"featured_media":0,"parent":0,"menu_order":0,"comment_status":"closed","ping_status":"closed","template":"elementor_header_footer","meta":{"footnotes":""},"class_list":["post-3","page","type-page","status-publish","hentry"],"yoast_head":"<!-- This site is optimized with the Yoast SEO Premium plugin v27.2 (Yoast SEO v27.2) - https:\/\/yoast.com\/product\/yoast-seo-premium-wordpress\/ -->\n<title>Adatkezel\u00e9si t\u00e1j\u00e9koztat\u00f3 &#8211; Implantix<\/title>\n<meta name=\"robots\" content=\"index, follow, max-snippet:-1, max-image-preview:large, max-video-preview:-1\" \/>\n<link rel=\"canonical\" href=\"https:\/\/implantix.hu\/en\/adatkezelesi-tajekoztato\/\" \/>\n<meta property=\"og:locale\" content=\"en_US\" \/>\n<meta property=\"og:type\" content=\"article\" \/>\n<meta property=\"og:title\" content=\"Adatkezel\u00e9si t\u00e1j\u00e9koztat\u00f3\" \/>\n<meta property=\"og:description\" content=\"Adatkezel\u00e9si T\u00e1j\u00e9koztat\u00f3 Jelen T\u00e1j\u00e9koztat\u00f3 c\u00e9lja, hogy r\u00f6gz\u00edtse az Medcon Kft. (sz\u00e9khely:\u00a01031 Bp, Silvanus s\u00e9t\u00e1ny 21. II\/4.\u00a0; c\u00e9gjegyz\u00e9ksz\u00e1m:\u00a0\u00a001 09 675749,\u00a0nyilv\u00e1ntartja a F\u0151v\u00e1rosi T\u00f6rv\u00e9nysz\u00e9k C\u00e9gb\u00edr\u00f3s\u00e1ga; ad\u00f3sz\u00e1m:\u00a010704145141; tov\u00e1bbiakban:\u00a0Szolg\u00e1ltat\u00f3),\u00a0Implantix \u2013 Implants, Esthetics &amp; More\u00a0brand alatt alkalmazott \u00e9s a Szolg\u00e1ltat\u00f3 \u00e1ltal ny\u00fajtott Szolg\u00e1ltat\u00e1sok adatv\u00e9delmi \u00e9s adatkezel\u00e9si elveit, politik\u00e1it. A jelen T\u00e1j\u00e9koztatat\u00f3 a Szolg\u00e1ltat\u00f3 \u00e1ltal \u00fczemeltetett a\u00a0implantix.hu\u00a0(tov\u00e1bbiakban:\u00a0Weboldal) \u00fatj\u00e1n el\u00e9rhet\u0151, illetve let\u00f6lthet\u0151 [&hellip;]\" \/>\n<meta property=\"og:url\" content=\"https:\/\/implantix.hu\/en\/adatkezelesi-tajekoztato\/\" \/>\n<meta property=\"og:site_name\" content=\"Implantix\" \/>\n<meta property=\"article:modified_time\" content=\"2026-03-18T14:07:28+00:00\" \/>\n<meta name=\"twitter:card\" content=\"summary_large_image\" \/>\n<meta name=\"twitter:label1\" content=\"Est. reading time\" \/>\n\t<meta name=\"twitter:data1\" content=\"15 minutes\" \/>\n<script type=\"application\/ld+json\" class=\"yoast-schema-graph\">{\"@context\":\"https:\/\/schema.org\",\"@graph\":[{\"@type\":\"WebPage\",\"@id\":\"https:\/\/implantix.hu\/adatkezelesi-tajekoztato\/\",\"url\":\"https:\/\/implantix.hu\/adatkezelesi-tajekoztato\/\",\"name\":\"Adatkezel\u00e9si t\u00e1j\u00e9koztat\u00f3 &#8211; Implantix\",\"isPartOf\":{\"@id\":\"https:\/\/implantix.hu\/#website\"},\"datePublished\":\"2025-03-18T12:52:16+00:00\",\"dateModified\":\"2026-03-18T14:07:28+00:00\",\"breadcrumb\":{\"@id\":\"https:\/\/implantix.hu\/adatkezelesi-tajekoztato\/#breadcrumb\"},\"inLanguage\":\"en-US\",\"potentialAction\":[{\"@type\":\"ReadAction\",\"target\":[\"https:\/\/implantix.hu\/adatkezelesi-tajekoztato\/\"]}]},{\"@type\":\"BreadcrumbList\",\"@id\":\"https:\/\/implantix.hu\/adatkezelesi-tajekoztato\/#breadcrumb\",\"itemListElement\":[{\"@type\":\"ListItem\",\"position\":1,\"name\":\"Kezd\u0151lap\",\"item\":\"https:\/\/implantix.hu\/\"},{\"@type\":\"ListItem\",\"position\":2,\"name\":\"Adatkezel\u00e9si t\u00e1j\u00e9koztat\u00f3\"}]},{\"@type\":\"WebSite\",\"@id\":\"https:\/\/implantix.hu\/#website\",\"url\":\"https:\/\/implantix.hu\/\",\"name\":\"Implantix\",\"description\":\"Sz\u00e1jseb\u00e9szet \u00e9s Fog\u00e1szat\",\"potentialAction\":[{\"@type\":\"SearchAction\",\"target\":{\"@type\":\"EntryPoint\",\"urlTemplate\":\"https:\/\/implantix.hu\/?s={search_term_string}\"},\"query-input\":{\"@type\":\"PropertyValueSpecification\",\"valueRequired\":true,\"valueName\":\"search_term_string\"}}],\"inLanguage\":\"en-US\"}]}<\/script>\n<!-- \/ Yoast SEO Premium plugin. -->","yoast_head_json":{"title":"Adatkezel\u00e9si t\u00e1j\u00e9koztat\u00f3 &#8211; Implantix","robots":{"index":"index","follow":"follow","max-snippet":"max-snippet:-1","max-image-preview":"max-image-preview:large","max-video-preview":"max-video-preview:-1"},"canonical":"https:\/\/implantix.hu\/en\/adatkezelesi-tajekoztato\/","og_locale":"en_US","og_type":"article","og_title":"Adatkezel\u00e9si t\u00e1j\u00e9koztat\u00f3","og_description":"Adatkezel\u00e9si T\u00e1j\u00e9koztat\u00f3 Jelen T\u00e1j\u00e9koztat\u00f3 c\u00e9lja, hogy r\u00f6gz\u00edtse az Medcon Kft. (sz\u00e9khely:\u00a01031 Bp, Silvanus s\u00e9t\u00e1ny 21. II\/4.\u00a0; c\u00e9gjegyz\u00e9ksz\u00e1m:\u00a0\u00a001 09 675749,\u00a0nyilv\u00e1ntartja a F\u0151v\u00e1rosi T\u00f6rv\u00e9nysz\u00e9k C\u00e9gb\u00edr\u00f3s\u00e1ga; ad\u00f3sz\u00e1m:\u00a010704145141; tov\u00e1bbiakban:\u00a0Szolg\u00e1ltat\u00f3),\u00a0Implantix \u2013 Implants, Esthetics &amp; More\u00a0brand alatt alkalmazott \u00e9s a Szolg\u00e1ltat\u00f3 \u00e1ltal ny\u00fajtott Szolg\u00e1ltat\u00e1sok adatv\u00e9delmi \u00e9s adatkezel\u00e9si elveit, politik\u00e1it. A jelen T\u00e1j\u00e9koztatat\u00f3 a Szolg\u00e1ltat\u00f3 \u00e1ltal \u00fczemeltetett a\u00a0implantix.hu\u00a0(tov\u00e1bbiakban:\u00a0Weboldal) \u00fatj\u00e1n el\u00e9rhet\u0151, illetve let\u00f6lthet\u0151 [&hellip;]","og_url":"https:\/\/implantix.hu\/en\/adatkezelesi-tajekoztato\/","og_site_name":"Implantix","article_modified_time":"2026-03-18T14:07:28+00:00","twitter_card":"summary_large_image","twitter_misc":{"Est. reading time":"15 minutes"},"schema":{"@context":"https:\/\/schema.org","@graph":[{"@type":"WebPage","@id":"https:\/\/implantix.hu\/adatkezelesi-tajekoztato\/","url":"https:\/\/implantix.hu\/adatkezelesi-tajekoztato\/","name":"Adatkezel\u00e9si t\u00e1j\u00e9koztat\u00f3 &#8211; Implantix","isPartOf":{"@id":"https:\/\/implantix.hu\/#website"},"datePublished":"2025-03-18T12:52:16+00:00","dateModified":"2026-03-18T14:07:28+00:00","breadcrumb":{"@id":"https:\/\/implantix.hu\/adatkezelesi-tajekoztato\/#breadcrumb"},"inLanguage":"en-US","potentialAction":[{"@type":"ReadAction","target":["https:\/\/implantix.hu\/adatkezelesi-tajekoztato\/"]}]},{"@type":"BreadcrumbList","@id":"https:\/\/implantix.hu\/adatkezelesi-tajekoztato\/#breadcrumb","itemListElement":[{"@type":"ListItem","position":1,"name":"Kezd\u0151lap","item":"https:\/\/implantix.hu\/"},{"@type":"ListItem","position":2,"name":"Adatkezel\u00e9si t\u00e1j\u00e9koztat\u00f3"}]},{"@type":"WebSite","@id":"https:\/\/implantix.hu\/#website","url":"https:\/\/implantix.hu\/","name":"Implantix","description":"Sz\u00e1jseb\u00e9szet \u00e9s Fog\u00e1szat","potentialAction":[{"@type":"SearchAction","target":{"@type":"EntryPoint","urlTemplate":"https:\/\/implantix.hu\/?s={search_term_string}"},"query-input":{"@type":"PropertyValueSpecification","valueRequired":true,"valueName":"search_term_string"}}],"inLanguage":"en-US"}]}},"_links":{"self":[{"href":"https:\/\/implantix.hu\/en\/wp-json\/wp\/v2\/pages\/3","targetHints":{"allow":["GET"]}}],"collection":[{"href":"https:\/\/implantix.hu\/en\/wp-json\/wp\/v2\/pages"}],"about":[{"href":"https:\/\/implantix.hu\/en\/wp-json\/wp\/v2\/types\/page"}],"author":[{"embeddable":true,"href":"https:\/\/implantix.hu\/en\/wp-json\/wp\/v2\/users\/1"}],"replies":[{"embeddable":true,"href":"https:\/\/implantix.hu\/en\/wp-json\/wp\/v2\/comments?post=3"}],"version-history":[{"count":40,"href":"https:\/\/implantix.hu\/en\/wp-json\/wp\/v2\/pages\/3\/revisions"}],"predecessor-version":[{"id":12434,"href":"https:\/\/implantix.hu\/en\/wp-json\/wp\/v2\/pages\/3\/revisions\/12434"}],"wp:attachment":[{"href":"https:\/\/implantix.hu\/en\/wp-json\/wp\/v2\/media?parent=3"}],"curies":[{"name":"wp","href":"https:\/\/api.w.org\/{rel}","templated":true}]}}